{"id":3248,"date":"2024-12-15T11:38:49","date_gmt":"2024-12-15T11:38:49","guid":{"rendered":"https:\/\/mscreations.be\/?post_type=product&#038;p=3248"},"modified":"2024-12-15T11:40:05","modified_gmt":"2024-12-15T11:40:05","slug":"cadre-photo-naissance","status":"publish","type":"product","link":"http:\/\/mscreations.be\/index.php\/product\/cadre-photo-naissance\/","title":{"rendered":"Cadre photo naissance"},"content":{"rendered":"<p>Ce cadre de 18 cm x 22 cm est accompagn\u00e9 d&#8217;un support ainsi que d&#8217;une plaque de protection en verre acrylique de 10 cm x 15 cm.<\/p>\n<p>Pour toute demande particuli\u00e8re, nous vous invitons \u00e0 nous contacter via les r\u00e9seaux sociaux, par mail ou par t\u00e9l\u00e9phone. Nous pourrons ainsi pr\u00e9parer un projet personnalis\u00e9.<\/p>\n","protected":false},"excerpt":{"rendered":"<p>Ce cadre photo personnalis\u00e9 est r\u00e9alis\u00e9 gr\u00e2ce \u00e0 la d\u00e9coupe et gravure laser, offrant un design unique et esth\u00e9tique. Il comprend le pr\u00e9nom, la date de naissance, la taille, le poids et l&#8217;heure de naissance, adapt\u00e9s selon vos souhaits. Gr\u00e2ce \u00e0 une technologie moderne de traitement du bois, ce cadre&hellip;<\/p>\n","protected":false},"featured_media":3235,"comment_status":"open","ping_status":"closed","template":"","meta":{"_themeisle_gutenberg_block_has_review":false},"product_cat":[108],"product_tag":[],"class_list":{"0":"post-3248","1":"product","2":"type-product","3":"status-publish","4":"has-post-thumbnail","6":"product_cat-naissance-bebe-enfant","7":"wcpa_has_options","9":"first","10":"instock","11":"shipping-taxable","12":"purchasable","13":"product-type-simple","14":"thumb-no-effect","15":"prod-rating-off"},"wcpa_form_fields":{"rules":{"pric_overide_base_price":false,"pric_overide_base_price_if_gt_zero":false,"pric_cal_option_once":false,"pric_use_as_fee":false,"bind_quantity":false,"quantity_bind_formula":false},"fields":[{"type":"text","elementId":"wcpa-text-1734262350707","label":"Pr\u00e9nom","description":"Inscrivez le pr\u00e9nom de l'enfant","pricingType":"fixed","name":"text-1734262350707","subtype":"text","cl_rule":"show","col":6,"relations":false,"form_id":3249,"form_rules":{"pric_cal_option_once":false,"exclude_from_discount":false,"pric_use_as_fee":false,"fee_label":"Fee","render_after_acb":false,"disp_hide_options_price":false}},{"type":"date","elementId":"wcpa-date-1734262392386","label":"Date de naissance","description":"Inscrivez la date de naissance de l'enfant","pricingType":"fixed","name":"date-1734262392386","min_date":"None","max_date":"None","cl_rule":"show","col":6,"relations":false,"form_id":3249,"form_rules":{"pric_cal_option_once":false,"exclude_from_discount":false,"pric_use_as_fee":false,"fee_label":"Fee","render_after_acb":false,"disp_hide_options_price":false}},{"type":"number","elementId":"wcpa-number-1734262457721","label":"Taille","description":"Inscrivez la taille de l'enfant en cm","pricingType":"fixed","name":"number-1734262457721","cl_rule":"show","col":6,"relations":false,"form_id":3249,"form_rules":{"pric_cal_option_once":false,"exclude_from_discount":false,"pric_use_as_fee":false,"fee_label":"Fee","render_after_acb":false,"disp_hide_options_price":false}},{"type":"number","elementId":"wcpa-number-1734262500120","label":"Poids","description":"Inscrivez le poids de l'enfant en g","pricingType":"fixed","name":"number-1734262500120","cl_rule":"show","col":6,"relations":false,"form_id":3249,"form_rules":{"pric_cal_option_once":false,"exclude_from_discount":false,"pric_use_as_fee":false,"fee_label":"Fee","render_after_acb":false,"disp_hide_options_price":false}},{"type":"time","elementId":"wcpa-time-1734262582768","label":"Heure de naissance","description":"Inscrivez l'heure de naissance de l'enfant","pricingType":"fixed","name":"time-1734262582768","cl_rule":"show","col":6,"relations":false,"form_id":3249,"form_rules":{"pric_cal_option_once":false,"exclude_from_discount":false,"pric_use_as_fee":false,"fee_label":"Fee","render_after_acb":false,"disp_hide_options_price":false}}]},"yoast_head":"<!-- This site is optimized with the Yoast SEO plugin v19.13 - https:\/\/yoast.com\/wordpress\/plugins\/seo\/ -->\n<title>Cadre photo naissance - M&amp;S Creation<\/title>\n<meta name=\"description\" content=\"Ce cadre photo naissance constitue un cadeau ou un souvenir parfait pour des moments sp\u00e9ciaux tels que la naissance d\u2019un enfant.\" \/>\n<meta name=\"robots\" content=\"index, follow, max-snippet:-1, max-image-preview:large, max-video-preview:-1\" \/>\n<link rel=\"canonical\" href=\"http:\/\/mscreations.be\/index.php\/product\/cadre-photo-naissance\/\" \/>\n<meta property=\"og:locale\" content=\"fr_FR\" \/>\n<meta property=\"og:type\" content=\"article\" \/>\n<meta property=\"og:title\" content=\"Cadre photo naissance - M&amp;S Creation\" \/>\n<meta property=\"og:description\" content=\"Ce cadre photo naissance constitue un cadeau ou un souvenir parfait pour des moments sp\u00e9ciaux tels que la naissance d\u2019un enfant.\" \/>\n<meta property=\"og:url\" content=\"http:\/\/mscreations.be\/index.php\/product\/cadre-photo-naissance\/\" \/>\n<meta property=\"og:site_name\" content=\"M&amp;S Creation\" \/>\n<meta property=\"article:publisher\" content=\"https:\/\/www.facebook.com\/profile.php?id=100063148215530\" \/>\n<meta property=\"article:modified_time\" content=\"2024-12-15T11:40:05+00:00\" \/>\n<meta property=\"og:image\" content=\"http:\/\/mscreations.be\/wp-content\/uploads\/2024\/12\/20241215_115547_0000.png\" \/>\n\t<meta property=\"og:image:width\" content=\"400\" \/>\n\t<meta property=\"og:image:height\" content=\"400\" \/>\n\t<meta property=\"og:image:type\" content=\"image\/png\" \/>\n<meta name=\"twitter:card\" content=\"summary_large_image\" \/>\n<meta name=\"twitter:label1\" content=\"Dur\u00e9e de lecture est.\" \/>\n\t<meta name=\"twitter:data1\" content=\"1 minute\" \/>\n<script type=\"application\/ld+json\" class=\"yoast-schema-graph\">{\"@context\":\"https:\/\/schema.org\",\"@graph\":[{\"@type\":\"WebPage\",\"@id\":\"http:\/\/mscreations.be\/index.php\/product\/cadre-photo-naissance\/\",\"url\":\"http:\/\/mscreations.be\/index.php\/product\/cadre-photo-naissance\/\",\"name\":\"Cadre photo naissance - M&amp;S Creation\",\"isPartOf\":{\"@id\":\"http:\/\/mscreations.be\/#website\"},\"datePublished\":\"2024-12-15T11:38:49+00:00\",\"dateModified\":\"2024-12-15T11:40:05+00:00\",\"description\":\"Ce cadre photo naissance constitue un cadeau ou un souvenir parfait pour des moments sp\u00e9ciaux tels que la naissance d\u2019un enfant.\",\"breadcrumb\":{\"@id\":\"http:\/\/mscreations.be\/index.php\/product\/cadre-photo-naissance\/#breadcrumb\"},\"inLanguage\":\"fr-BE\",\"potentialAction\":[{\"@type\":\"ReadAction\",\"target\":[\"http:\/\/mscreations.be\/index.php\/product\/cadre-photo-naissance\/\"]}]},{\"@type\":\"BreadcrumbList\",\"@id\":\"http:\/\/mscreations.be\/index.php\/product\/cadre-photo-naissance\/#breadcrumb\",\"itemListElement\":[{\"@type\":\"ListItem\",\"position\":1,\"name\":\"Accueil\",\"item\":\"http:\/\/mscreations.be\/\"},{\"@type\":\"ListItem\",\"position\":2,\"name\":\"Boutique\",\"item\":\"http:\/\/mscreations.be\/index.php\/shop-3\/\"},{\"@type\":\"ListItem\",\"position\":3,\"name\":\"Cadre photo naissance\"}]},{\"@type\":\"WebSite\",\"@id\":\"http:\/\/mscreations.be\/#website\",\"url\":\"http:\/\/mscreations.be\/\",\"name\":\"M&S Creation\",\"description\":\"\",\"publisher\":{\"@id\":\"http:\/\/mscreations.be\/#organization\"},\"potentialAction\":[{\"@type\":\"SearchAction\",\"target\":{\"@type\":\"EntryPoint\",\"urlTemplate\":\"http:\/\/mscreations.be\/?s={search_term_string}\"},\"query-input\":\"required name=search_term_string\"}],\"inLanguage\":\"fr-BE\"},{\"@type\":\"Organization\",\"@id\":\"http:\/\/mscreations.be\/#organization\",\"name\":\"M&S Creation\",\"url\":\"http:\/\/mscreations.be\/\",\"logo\":{\"@type\":\"ImageObject\",\"inLanguage\":\"fr-BE\",\"@id\":\"http:\/\/mscreations.be\/#\/schema\/logo\/image\/\",\"url\":\"http:\/\/mscreations.be\/wp-content\/uploads\/2022\/01\/cropped-cropped-ms.png\",\"contentUrl\":\"http:\/\/mscreations.be\/wp-content\/uploads\/2022\/01\/cropped-cropped-ms.png\",\"width\":512,\"height\":512,\"caption\":\"M&S Creation\"},\"image\":{\"@id\":\"http:\/\/mscreations.be\/#\/schema\/logo\/image\/\"},\"sameAs\":[\"https:\/\/www.facebook.com\/profile.php?id=100063148215530\"]}]}<\/script>\n<!-- \/ Yoast SEO plugin. -->","yoast_head_json":{"title":"Cadre photo naissance - M&amp;S Creation","description":"Ce cadre photo naissance constitue un cadeau ou un souvenir parfait pour des moments sp\u00e9ciaux tels que la naissance d\u2019un enfant.","robots":{"index":"index","follow":"follow","max-snippet":"max-snippet:-1","max-image-preview":"max-image-preview:large","max-video-preview":"max-video-preview:-1"},"canonical":"http:\/\/mscreations.be\/index.php\/product\/cadre-photo-naissance\/","og_locale":"fr_FR","og_type":"article","og_title":"Cadre photo naissance - M&amp;S Creation","og_description":"Ce cadre photo naissance constitue un cadeau ou un souvenir parfait pour des moments sp\u00e9ciaux tels que la naissance d\u2019un enfant.","og_url":"http:\/\/mscreations.be\/index.php\/product\/cadre-photo-naissance\/","og_site_name":"M&amp;S Creation","article_publisher":"https:\/\/www.facebook.com\/profile.php?id=100063148215530","article_modified_time":"2024-12-15T11:40:05+00:00","og_image":[{"width":400,"height":400,"url":"http:\/\/mscreations.be\/wp-content\/uploads\/2024\/12\/20241215_115547_0000.png","type":"image\/png"}],"twitter_card":"summary_large_image","twitter_misc":{"Dur\u00e9e de lecture est.":"1 minute"},"schema":{"@context":"https:\/\/schema.org","@graph":[{"@type":"WebPage","@id":"http:\/\/mscreations.be\/index.php\/product\/cadre-photo-naissance\/","url":"http:\/\/mscreations.be\/index.php\/product\/cadre-photo-naissance\/","name":"Cadre photo naissance - M&amp;S Creation","isPartOf":{"@id":"http:\/\/mscreations.be\/#website"},"datePublished":"2024-12-15T11:38:49+00:00","dateModified":"2024-12-15T11:40:05+00:00","description":"Ce cadre photo naissance constitue un cadeau ou un souvenir parfait pour des moments sp\u00e9ciaux tels que la naissance d\u2019un enfant.","breadcrumb":{"@id":"http:\/\/mscreations.be\/index.php\/product\/cadre-photo-naissance\/#breadcrumb"},"inLanguage":"fr-BE","potentialAction":[{"@type":"ReadAction","target":["http:\/\/mscreations.be\/index.php\/product\/cadre-photo-naissance\/"]}]},{"@type":"BreadcrumbList","@id":"http:\/\/mscreations.be\/index.php\/product\/cadre-photo-naissance\/#breadcrumb","itemListElement":[{"@type":"ListItem","position":1,"name":"Accueil","item":"http:\/\/mscreations.be\/"},{"@type":"ListItem","position":2,"name":"Boutique","item":"http:\/\/mscreations.be\/index.php\/shop-3\/"},{"@type":"ListItem","position":3,"name":"Cadre photo naissance"}]},{"@type":"WebSite","@id":"http:\/\/mscreations.be\/#website","url":"http:\/\/mscreations.be\/","name":"M&S Creation","description":"","publisher":{"@id":"http:\/\/mscreations.be\/#organization"},"potentialAction":[{"@type":"SearchAction","target":{"@type":"EntryPoint","urlTemplate":"http:\/\/mscreations.be\/?s={search_term_string}"},"query-input":"required name=search_term_string"}],"inLanguage":"fr-BE"},{"@type":"Organization","@id":"http:\/\/mscreations.be\/#organization","name":"M&S Creation","url":"http:\/\/mscreations.be\/","logo":{"@type":"ImageObject","inLanguage":"fr-BE","@id":"http:\/\/mscreations.be\/#\/schema\/logo\/image\/","url":"http:\/\/mscreations.be\/wp-content\/uploads\/2022\/01\/cropped-cropped-ms.png","contentUrl":"http:\/\/mscreations.be\/wp-content\/uploads\/2022\/01\/cropped-cropped-ms.png","width":512,"height":512,"caption":"M&S Creation"},"image":{"@id":"http:\/\/mscreations.be\/#\/schema\/logo\/image\/"},"sameAs":["https:\/\/www.facebook.com\/profile.php?id=100063148215530"]}]}},"_links":{"self":[{"href":"http:\/\/mscreations.be\/index.php\/wp-json\/wp\/v2\/product\/3248","targetHints":{"allow":["GET"]}}],"collection":[{"href":"http:\/\/mscreations.be\/index.php\/wp-json\/wp\/v2\/product"}],"about":[{"href":"http:\/\/mscreations.be\/index.php\/wp-json\/wp\/v2\/types\/product"}],"replies":[{"embeddable":true,"href":"http:\/\/mscreations.be\/index.php\/wp-json\/wp\/v2\/comments?post=3248"}],"wp:featuredmedia":[{"embeddable":true,"href":"http:\/\/mscreations.be\/index.php\/wp-json\/wp\/v2\/media\/3235"}],"wp:attachment":[{"href":"http:\/\/mscreations.be\/index.php\/wp-json\/wp\/v2\/media?parent=3248"}],"wp:term":[{"taxonomy":"product_cat","embeddable":true,"href":"http:\/\/mscreations.be\/index.php\/wp-json\/wp\/v2\/product_cat?post=3248"},{"taxonomy":"product_tag","embeddable":true,"href":"http:\/\/mscreations.be\/index.php\/wp-json\/wp\/v2\/product_tag?post=3248"}],"curies":[{"name":"wp","href":"https:\/\/api.w.org\/{rel}","templated":true}]}}